{"id":907,"date":"2025-04-08T15:26:35","date_gmt":"2025-04-08T13:26:35","guid":{"rendered":"http:\/\/agkj.de\/?page_id=907"},"modified":"2025-11-20T16:03:34","modified_gmt":"2025-11-20T14:03:34","slug":"dljm-2025","status":"publish","type":"page","link":"http:\/\/agkj.de\/?page_id=907","title":{"rendered":"DLJM 2025"},"content":{"rendered":"\n<h3 class=\"wp-block-heading\">Digitale Lebenswelten junger Menschen<\/h3>\n\n\n\n<figure class=\"wp-block-image size-large\"><a href=\"http:\/\/agkj.de\/wp-content\/uploads\/2025\/04\/2025-DLJM.png\"><img loading=\"lazy\" decoding=\"async\" width=\"683\" height=\"1024\" src=\"http:\/\/agkj.de\/wp-content\/uploads\/2025\/04\/2025-DLJM-683x1024.png\" alt=\"\" class=\"wp-image-908\" srcset=\"http:\/\/agkj.de\/wp-content\/uploads\/2025\/04\/2025-DLJM-683x1024.png 683w, http:\/\/agkj.de\/wp-content\/uploads\/2025\/04\/2025-DLJM-200x300.png 200w, http:\/\/agkj.de\/wp-content\/uploads\/2025\/04\/2025-DLJM-768x1152.png 768w, http:\/\/agkj.de\/wp-content\/uploads\/2025\/04\/2025-DLJM-400x600.png 400w, http:\/\/agkj.de\/wp-content\/uploads\/2025\/04\/2025-DLJM.png 1024w\" sizes=\"auto, (max-width: 683px) 100vw, 683px\" \/><\/a><\/figure>\n\n\n\n<p><\/p>\n\n\n\n<p><strong>Projekt: Digitale Lebenswelten in der Kulturmetropole Paris<\/strong><br><strong>Bildungsreise f\u00fcr Jugendliche ab 14 Jahren<\/strong><br>\ud83d\udccd <em>Paris<\/em> | \ud83d\udcc5 <em>28.10.25 \u2013 31.10.25<\/em> | \ud83d\udcb6 <em>Kosten: 200 \u20ac (inkl. 100 \u20ac Taschengeld)<\/em><\/p>\n\n\n\n<p><strong>Worum ging\u00b4s?<\/strong><br>Wir haben Paris erkundet \u2013 nicht nur als Stadt der Kunst und Geschichte, sondern auch als B\u00fchne f\u00fcr die digitalen Lebenswelten junger Menschen. Die Reise kombinierte Kultur, Kreativit\u00e4t und kritisches Denken rund um Themen wie K\u00fcnstliche Intelligenz, Fake-News, Konsumwelten und Selbstdarstellung im Netz.<\/p>\n\n\n\n<figure class=\"wp-block-gallery has-nested-images columns-default is-cropped wp-block-gallery-1 is-layout-flex wp-block-gallery-is-layout-flex\">\n<figure class=\"wp-block-image size-large\"><a href=\"http:\/\/agkj.de\/wp-content\/uploads\/2025\/11\/WhatsApp-Image-2025-11-08-at-14.35.10.jpeg\"><img loading=\"lazy\" decoding=\"async\" width=\"1024\" height=\"1024\" data-id=\"951\" src=\"http:\/\/agkj.de\/wp-content\/uploads\/2025\/11\/WhatsApp-Image-2025-11-08-at-14.35.10-1024x1024.jpeg\" alt=\"\" class=\"wp-image-951\" srcset=\"http:\/\/agkj.de\/wp-content\/uploads\/2025\/11\/WhatsApp-Image-2025-11-08-at-14.35.10-1024x1024.jpeg 1024w, http:\/\/agkj.de\/wp-content\/uploads\/2025\/11\/WhatsApp-Image-2025-11-08-at-14.35.10-300x300.jpeg 300w, http:\/\/agkj.de\/wp-content\/uploads\/2025\/11\/WhatsApp-Image-2025-11-08-at-14.35.10-150x150.jpeg 150w, http:\/\/agkj.de\/wp-content\/uploads\/2025\/11\/WhatsApp-Image-2025-11-08-at-14.35.10-768x768.jpeg 768w, http:\/\/agkj.de\/wp-content\/uploads\/2025\/11\/WhatsApp-Image-2025-11-08-at-14.35.10-400x400.jpeg 400w, http:\/\/agkj.de\/wp-content\/uploads\/2025\/11\/WhatsApp-Image-2025-11-08-at-14.35.10.jpeg 1324w\" sizes=\"auto, (max-width: 1024px) 100vw, 1024px\" \/><\/a><\/figure>\n<\/figure>\n\n\n\n<p><strong>Bericht: Projekt DLJM \u2013 Paris 28.\u201331. Oktober 2025<\/strong><\/p>\n\n\n\n<p>Im Rahmen des Projekts <em>Digitale Lebenswelten junger Menschen<\/em> (DLJM) reiste eine Gruppe vom <strong>28. bis 31. Oktober 2025<\/strong> nach Paris, um sich inhaltlich auszutauschen, Netzwerke zu kn\u00fcpfen und kulturelle H\u00f6hepunkte der franz\u00f6sischen Hauptstadt zu erleben.<\/p>\n\n\n\n<p><strong>28. Oktober \u2013 Anreise und erster Abend<\/strong><\/p>\n\n\n\n<div class=\"wp-block-group is-nowrap is-layout-flex wp-container-core-group-is-layout-ad2f72ca wp-block-group-is-layout-flex\">\n<p>Der Tag begann sehr fr\u00fch: Abfahrt um <strong>4:45 Uhr<\/strong> in Rottweil mit dem TGV, die Hochgeschwindigkeitsreise nach Paris verlief reibungslos, und gegen <strong>10 Uhr<\/strong> erreichte die Gruppe den <strong>Gare de l\u2019Est<\/strong>. Dort wurden Metro-Karten gekauft, bevor es weiter zum <strong>Hotel Eklo Port de Versailles<\/strong> ging, einer modernen, umweltbewussten Unterkunft im s\u00fcdlichen Teil der Stadt.<\/p>\n<\/div>\n\n\n\n<div class=\"wp-block-columns is-layout-flex wp-container-core-columns-is-layout-9d6595d7 wp-block-columns-is-layout-flex\">\n<div class=\"wp-block-column is-layout-flow wp-block-column-is-layout-flow\" style=\"flex-basis:100%\">\n<figure class=\"wp-block-gallery has-nested-images columns-default is-cropped wp-block-gallery-2 is-layout-flex wp-block-gallery-is-layout-flex\">\n<figure class=\"wp-block-image size-large\"><a href=\"http:\/\/agkj.de\/wp-content\/uploads\/2025\/11\/WhatsApp-Image-2025-10-28-at-14.54.36.jpeg\"><img loading=\"lazy\" decoding=\"async\" width=\"768\" height=\"1024\" data-id=\"966\" src=\"http:\/\/agkj.de\/wp-content\/uploads\/2025\/11\/WhatsApp-Image-2025-10-28-at-14.54.36-768x1024.jpeg\" alt=\"\" class=\"wp-image-966\" srcset=\"http:\/\/agkj.de\/wp-content\/uploads\/2025\/11\/WhatsApp-Image-2025-10-28-at-14.54.36-768x1024.jpeg 768w, http:\/\/agkj.de\/wp-content\/uploads\/2025\/11\/WhatsApp-Image-2025-10-28-at-14.54.36-225x300.jpeg 225w, http:\/\/agkj.de\/wp-content\/uploads\/2025\/11\/WhatsApp-Image-2025-10-28-at-14.54.36-1152x1536.jpeg 1152w, http:\/\/agkj.de\/wp-content\/uploads\/2025\/11\/WhatsApp-Image-2025-10-28-at-14.54.36-400x533.jpeg 400w, http:\/\/agkj.de\/wp-content\/uploads\/2025\/11\/WhatsApp-Image-2025-10-28-at-14.54.36.jpeg 1200w\" sizes=\"auto, (max-width: 768px) 100vw, 768px\" \/><\/a><\/figure>\n\n\n\n<figure class=\"wp-block-image size-large is-resized\"><a href=\"http:\/\/agkj.de\/wp-content\/uploads\/2025\/11\/WhatsApp-Image-2025-10-29-at-09.43.45-1.jpeg\"><img loading=\"lazy\" decoding=\"async\" width=\"576\" height=\"1024\" data-id=\"963\" src=\"http:\/\/agkj.de\/wp-content\/uploads\/2025\/11\/WhatsApp-Image-2025-10-29-at-09.43.45-1-576x1024.jpeg\" alt=\"\" class=\"wp-image-963\" style=\"width:199px;height:auto\" srcset=\"http:\/\/agkj.de\/wp-content\/uploads\/2025\/11\/WhatsApp-Image-2025-10-29-at-09.43.45-1-576x1024.jpeg 576w, http:\/\/agkj.de\/wp-content\/uploads\/2025\/11\/WhatsApp-Image-2025-10-29-at-09.43.45-1-169x300.jpeg 169w, http:\/\/agkj.de\/wp-content\/uploads\/2025\/11\/WhatsApp-Image-2025-10-29-at-09.43.45-1-768x1365.jpeg 768w, http:\/\/agkj.de\/wp-content\/uploads\/2025\/11\/WhatsApp-Image-2025-10-29-at-09.43.45-1-864x1536.jpeg 864w, http:\/\/agkj.de\/wp-content\/uploads\/2025\/11\/WhatsApp-Image-2025-10-29-at-09.43.45-1-400x711.jpeg 400w, http:\/\/agkj.de\/wp-content\/uploads\/2025\/11\/WhatsApp-Image-2025-10-29-at-09.43.45-1.jpeg 1125w\" sizes=\"auto, (max-width: 576px) 100vw, 576px\" \/><\/a><\/figure>\n\n\n\n<figure class=\"wp-block-image size-large is-resized\"><a href=\"http:\/\/agkj.de\/wp-content\/uploads\/2025\/11\/WhatsApp-Image-2025-11-20-at-13.13.38.jpeg\"><img loading=\"lazy\" decoding=\"async\" width=\"1024\" height=\"768\" data-id=\"971\" src=\"http:\/\/agkj.de\/wp-content\/uploads\/2025\/11\/WhatsApp-Image-2025-11-20-at-13.13.38-1024x768.jpeg\" alt=\"\" class=\"wp-image-971\" style=\"width:263px;height:auto\" srcset=\"http:\/\/agkj.de\/wp-content\/uploads\/2025\/11\/WhatsApp-Image-2025-11-20-at-13.13.38-1024x768.jpeg 1024w, http:\/\/agkj.de\/wp-content\/uploads\/2025\/11\/WhatsApp-Image-2025-11-20-at-13.13.38-300x225.jpeg 300w, http:\/\/agkj.de\/wp-content\/uploads\/2025\/11\/WhatsApp-Image-2025-11-20-at-13.13.38-768x576.jpeg 768w, http:\/\/agkj.de\/wp-content\/uploads\/2025\/11\/WhatsApp-Image-2025-11-20-at-13.13.38-1536x1152.jpeg 1536w, http:\/\/agkj.de\/wp-content\/uploads\/2025\/11\/WhatsApp-Image-2025-11-20-at-13.13.38-400x300.jpeg 400w, http:\/\/agkj.de\/wp-content\/uploads\/2025\/11\/WhatsApp-Image-2025-11-20-at-13.13.38.jpeg 1600w\" sizes=\"auto, (max-width: 1024px) 100vw, 1024px\" \/><\/a><\/figure>\n<\/figure>\n<\/div>\n<\/div>\n\n\n\n<div class=\"wp-block-group is-nowrap is-layout-flex wp-container-core-group-is-layout-ad2f72ca wp-block-group-is-layout-flex\">\n<p>Am Nachmittag f\u00fchrte das erste touristische Programm zum <strong>Eiffelturm<\/strong>. Leider war der Andrang gro\u00df \u2013 der Turm war von zahlreichen Touristen umlagert, sodass die Gruppe den Besuch auf den Au\u00dfenbereich beschr\u00e4nkte, um die ikonische Silhouette zu bewundern, ohne sich in die langen Warteschlangen zu begeben. Zum Abschluss des Tages gab es ein gemeinsames Abendessen im Hotel, bei dem sich erste Gespr\u00e4che \u00fcber das Programm der n\u00e4chsten Tage entwickelten. Die Aussicht war traumhaft sch\u00f6n:<\/p>\n<\/div>\n\n\n\n<figure class=\"wp-block-image size-large\"><a href=\"http:\/\/agkj.de\/wp-content\/uploads\/2025\/11\/WhatsApp-Image-2025-10-28-at-19.22.10.jpeg\"><img loading=\"lazy\" decoding=\"async\" width=\"1024\" height=\"506\" src=\"http:\/\/agkj.de\/wp-content\/uploads\/2025\/11\/WhatsApp-Image-2025-10-28-at-19.22.10-1024x506.jpeg\" alt=\"\" class=\"wp-image-964\" srcset=\"http:\/\/agkj.de\/wp-content\/uploads\/2025\/11\/WhatsApp-Image-2025-10-28-at-19.22.10-1024x506.jpeg 1024w, http:\/\/agkj.de\/wp-content\/uploads\/2025\/11\/WhatsApp-Image-2025-10-28-at-19.22.10-300x148.jpeg 300w, http:\/\/agkj.de\/wp-content\/uploads\/2025\/11\/WhatsApp-Image-2025-10-28-at-19.22.10-768x380.jpeg 768w, http:\/\/agkj.de\/wp-content\/uploads\/2025\/11\/WhatsApp-Image-2025-10-28-at-19.22.10-1536x759.jpeg 1536w, http:\/\/agkj.de\/wp-content\/uploads\/2025\/11\/WhatsApp-Image-2025-10-28-at-19.22.10-400x198.jpeg 400w, http:\/\/agkj.de\/wp-content\/uploads\/2025\/11\/WhatsApp-Image-2025-10-28-at-19.22.10.jpeg 1600w\" sizes=\"auto, (max-width: 1024px) 100vw, 1024px\" \/><\/a><\/figure>\n\n\n\n<p><strong>29. Oktober \u2013 Versailles, Louvre &amp; Notre-Dame<\/strong><\/p>\n\n\n\n<div class=\"wp-block-group is-nowrap is-layout-flex wp-container-core-group-is-layout-ad2f72ca wp-block-group-is-layout-flex\">\n<p>Am zweiten Tag stand ein ganzer kultureller Tagesausflug auf dem Programm: Zun\u00e4chst besuchte die Gruppe das <strong>Schloss Versailles<\/strong>, das etwa 20 km westlich von Paris liegt. Das Schloss war einst Residenz des Sonnenk\u00f6nigs Ludwig XIV und ist bekannt f\u00fcr seine pr\u00e4chtigen Prunkr\u00e4ume, vor allem f\u00fcr den ber\u00fchmten <strong>Spiegelsaal<\/strong> mit seinen zahllosen Spiegeln. Auch die weitl\u00e4ufigen G\u00e4rten, gestaltet vom Gartenarchitekten Andr\u00e9 Le N\u00f4tre, beeindruckten mit geometrischen Beeten, Kaskaden-Brunnen und kleinen Pavillons wie dem Petit Trianon. (<a href=\"https:\/\/palaceofversailles.paris\/de\/?utm_source=chatgpt.com\">Palace of Versailles<\/a>)<\/p>\n<\/div>\n\n\n\n<figure class=\"wp-block-gallery has-nested-images columns-default is-cropped wp-block-gallery-3 is-layout-flex wp-block-gallery-is-layout-flex\">\n<figure class=\"wp-block-image size-large is-resized\"><a href=\"http:\/\/agkj.de\/wp-content\/uploads\/2025\/11\/WhatsApp-Image-2025-10-29-at-12.40.00-8.jpeg\"><img loading=\"lazy\" decoding=\"async\" width=\"727\" height=\"1024\" data-id=\"983\" src=\"http:\/\/agkj.de\/wp-content\/uploads\/2025\/11\/WhatsApp-Image-2025-10-29-at-12.40.00-8-727x1024.jpeg\" alt=\"\" class=\"wp-image-983\" style=\"width:435px;height:auto\" srcset=\"http:\/\/agkj.de\/wp-content\/uploads\/2025\/11\/WhatsApp-Image-2025-10-29-at-12.40.00-8-727x1024.jpeg 727w, http:\/\/agkj.de\/wp-content\/uploads\/2025\/11\/WhatsApp-Image-2025-10-29-at-12.40.00-8-213x300.jpeg 213w, http:\/\/agkj.de\/wp-content\/uploads\/2025\/11\/WhatsApp-Image-2025-10-29-at-12.40.00-8-768x1082.jpeg 768w, http:\/\/agkj.de\/wp-content\/uploads\/2025\/11\/WhatsApp-Image-2025-10-29-at-12.40.00-8-1090x1536.jpeg 1090w, http:\/\/agkj.de\/wp-content\/uploads\/2025\/11\/WhatsApp-Image-2025-10-29-at-12.40.00-8-400x564.jpeg 400w, http:\/\/agkj.de\/wp-content\/uploads\/2025\/11\/WhatsApp-Image-2025-10-29-at-12.40.00-8.jpeg 1266w\" sizes=\"auto, (max-width: 727px) 100vw, 727px\" \/><\/a><\/figure>\n\n\n\n<figure class=\"wp-block-image size-large\"><a href=\"http:\/\/agkj.de\/wp-content\/uploads\/2025\/11\/WhatsApp-Image-2025-11-20-at-12.46.34-3.jpeg\"><img loading=\"lazy\" decoding=\"async\" width=\"768\" height=\"1024\" data-id=\"984\" src=\"http:\/\/agkj.de\/wp-content\/uploads\/2025\/11\/WhatsApp-Image-2025-11-20-at-12.46.34-3-768x1024.jpeg\" alt=\"\" class=\"wp-image-984\" srcset=\"http:\/\/agkj.de\/wp-content\/uploads\/2025\/11\/WhatsApp-Image-2025-11-20-at-12.46.34-3-768x1024.jpeg 768w, http:\/\/agkj.de\/wp-content\/uploads\/2025\/11\/WhatsApp-Image-2025-11-20-at-12.46.34-3-225x300.jpeg 225w, http:\/\/agkj.de\/wp-content\/uploads\/2025\/11\/WhatsApp-Image-2025-11-20-at-12.46.34-3-1152x1536.jpeg 1152w, http:\/\/agkj.de\/wp-content\/uploads\/2025\/11\/WhatsApp-Image-2025-11-20-at-12.46.34-3-400x533.jpeg 400w, http:\/\/agkj.de\/wp-content\/uploads\/2025\/11\/WhatsApp-Image-2025-11-20-at-12.46.34-3.jpeg 1500w\" sizes=\"auto, (max-width: 768px) 100vw, 768px\" \/><\/a><\/figure>\n<\/figure>\n\n\n\n<div class=\"wp-block-columns is-layout-flex wp-container-core-columns-is-layout-9d6595d7 wp-block-columns-is-layout-flex\">\n<div class=\"wp-block-column is-layout-flow wp-block-column-is-layout-flow\" style=\"flex-basis:100%\"><\/div>\n<\/div>\n\n\n\n<figure class=\"wp-block-image size-large\"><a href=\"http:\/\/agkj.de\/wp-content\/uploads\/2025\/11\/WhatsApp-Image-2025-10-29-at-10.50.22-1.jpeg\"><img loading=\"lazy\" decoding=\"async\" width=\"1024\" height=\"768\" src=\"http:\/\/agkj.de\/wp-content\/uploads\/2025\/11\/WhatsApp-Image-2025-10-29-at-10.50.22-1-1024x768.jpeg\" alt=\"\" class=\"wp-image-958\" srcset=\"http:\/\/agkj.de\/wp-content\/uploads\/2025\/11\/WhatsApp-Image-2025-10-29-at-10.50.22-1-1024x768.jpeg 1024w, http:\/\/agkj.de\/wp-content\/uploads\/2025\/11\/WhatsApp-Image-2025-10-29-at-10.50.22-1-300x225.jpeg 300w, http:\/\/agkj.de\/wp-content\/uploads\/2025\/11\/WhatsApp-Image-2025-10-29-at-10.50.22-1-768x576.jpeg 768w, http:\/\/agkj.de\/wp-content\/uploads\/2025\/11\/WhatsApp-Image-2025-10-29-at-10.50.22-1-1536x1152.jpeg 1536w, http:\/\/agkj.de\/wp-content\/uploads\/2025\/11\/WhatsApp-Image-2025-10-29-at-10.50.22-1-400x300.jpeg 400w, http:\/\/agkj.de\/wp-content\/uploads\/2025\/11\/WhatsApp-Image-2025-10-29-at-10.50.22-1.jpeg 2048w\" sizes=\"auto, (max-width: 1024px) 100vw, 1024px\" \/><\/a><\/figure>\n\n\n\n<div class=\"wp-block-group is-nowrap is-layout-flex wp-container-core-group-is-layout-ad2f72ca wp-block-group-is-layout-flex\">\n<p>Am Nachmittag ging es zur\u00fcck nach Paris: Ein Besuch im <strong>Louvre<\/strong>, dem gr\u00f6\u00dften Kunstmuseum der Welt, rundete den kulturellen Part ab. Das Mus\u00e9e du Louvre beherbergt \u00fcber 35.000 Kunstwerke auf mehr als 60.000 m\u00b2, darunter ber\u00fchmte St\u00fccke wie die Mona Lisa, die Venus von Milo oder die \u201eFreiheit f\u00fchrt das Volk\u201c. (<a href=\"https:\/\/www.france.fr\/de\/artikel\/musee-louvre?utm_source=chatgpt.com\">FRANCE.FR<\/a>)<\/p>\n<\/div>\n\n\n\n<figure class=\"wp-block-image size-large\"><a href=\"http:\/\/agkj.de\/wp-content\/uploads\/2025\/11\/WhatsApp-Image-2025-11-20-at-12.46.37-5.jpeg\"><img loading=\"lazy\" decoding=\"async\" width=\"1024\" height=\"768\" src=\"http:\/\/agkj.de\/wp-content\/uploads\/2025\/11\/WhatsApp-Image-2025-11-20-at-12.46.37-5-1024x768.jpeg\" alt=\"\" class=\"wp-image-959\" srcset=\"http:\/\/agkj.de\/wp-content\/uploads\/2025\/11\/WhatsApp-Image-2025-11-20-at-12.46.37-5-1024x768.jpeg 1024w, http:\/\/agkj.de\/wp-content\/uploads\/2025\/11\/WhatsApp-Image-2025-11-20-at-12.46.37-5-300x225.jpeg 300w, http:\/\/agkj.de\/wp-content\/uploads\/2025\/11\/WhatsApp-Image-2025-11-20-at-12.46.37-5-768x576.jpeg 768w, http:\/\/agkj.de\/wp-content\/uploads\/2025\/11\/WhatsApp-Image-2025-11-20-at-12.46.37-5-1536x1152.jpeg 1536w, http:\/\/agkj.de\/wp-content\/uploads\/2025\/11\/WhatsApp-Image-2025-11-20-at-12.46.37-5-400x300.jpeg 400w, http:\/\/agkj.de\/wp-content\/uploads\/2025\/11\/WhatsApp-Image-2025-11-20-at-12.46.37-5.jpeg 1600w\" sizes=\"auto, (max-width: 1024px) 100vw, 1024px\" \/><\/a><\/figure>\n\n\n\n<div class=\"wp-block-group is-nowrap is-layout-flex wp-container-core-group-is-layout-ad2f72ca wp-block-group-is-layout-flex\">\n<p>Sp\u00e4ter folgte ein kurzer Abstecher zur <strong>Kathedrale Notre-Dame de Paris<\/strong> auf der \u00cele de la Cit\u00e9. Die Gruppe besichtigte das Heiligtum von au\u00dfen sowie aus der Distanz, da aufgrund der zahlreichen Besucher das Innere nur begrenzt zug\u00e4nglich war. Notre-Dame ist ein Meisterwerk der gotischen Architektur: Das Bauwerk wurde im 12. Jahrhundert begonnen, seine charakteristischen Strebepfeiler, die gro\u00dfen Rosettenfenster und die kunstvollen Skulpturen machen es zu einem der bedeutendsten Bauwerke Frankreichs. (<a href=\"https:\/\/www.britannica.com\/topic\/Notre-Dame-de-Paris?utm_source=chatgpt.com\">Encyclopedia Britannica<\/a>) Nach dem verheerenden Brand im Jahr 2019 wurde es umfassend restauriert und im Dezember 2024 wiederer\u00f6ffnet. (<a href=\"https:\/\/en.wikipedia.org\/wiki\/Reopening_of_Notre-Dame_de_Paris?utm_source=chatgpt.com\">Wikipedia<\/a>)<\/p>\n<\/div>\n\n\n\n<figure class=\"wp-block-image size-large\"><a href=\"http:\/\/agkj.de\/wp-content\/uploads\/2025\/11\/WhatsApp-Image-2025-10-31-at-20.35.38-1-1.jpeg\"><img loading=\"lazy\" decoding=\"async\" width=\"768\" height=\"1024\" src=\"http:\/\/agkj.de\/wp-content\/uploads\/2025\/11\/WhatsApp-Image-2025-10-31-at-20.35.38-1-1-768x1024.jpeg\" alt=\"\" class=\"wp-image-986\" srcset=\"http:\/\/agkj.de\/wp-content\/uploads\/2025\/11\/WhatsApp-Image-2025-10-31-at-20.35.38-1-1-768x1024.jpeg 768w, http:\/\/agkj.de\/wp-content\/uploads\/2025\/11\/WhatsApp-Image-2025-10-31-at-20.35.38-1-1-225x300.jpeg 225w, http:\/\/agkj.de\/wp-content\/uploads\/2025\/11\/WhatsApp-Image-2025-10-31-at-20.35.38-1-1-1152x1536.jpeg 1152w, http:\/\/agkj.de\/wp-content\/uploads\/2025\/11\/WhatsApp-Image-2025-10-31-at-20.35.38-1-1-400x533.jpeg 400w, http:\/\/agkj.de\/wp-content\/uploads\/2025\/11\/WhatsApp-Image-2025-10-31-at-20.35.38-1-1.jpeg 1200w\" sizes=\"auto, (max-width: 768px) 100vw, 768px\" \/><\/a><\/figure>\n\n\n\n<p>Am Abend fuhr die Gruppe weiter nach <strong>La D\u00e9fense<\/strong>, zum imposanten <strong>Grande Arche<\/strong> (\u201eGro\u00dfer Bogen\u201c). Das Monument ist ein modernes Symbol der Stadtplanung und Teil der historischen Achse Paris \u2013 vom Louvre \u00fcber den Arc de Triomphe bis zur Arche de la D\u00e9fense. (<a href=\"https:\/\/en.wikipedia.org\/wiki\/Grande_Arche?utm_source=chatgpt.com\">Wikipedia<\/a>) Direkt daneben liegt das Einkaufszentrum <strong>Westfield Les 4 Temps<\/strong>, wo die Gruppe den Abend bei einem entspannten gemeinsamen Essen ausklingen lie\u00df.<\/p>\n\n\n\n<figure class=\"wp-block-image size-large\"><a href=\"http:\/\/agkj.de\/wp-content\/uploads\/2025\/11\/WhatsApp-Image-2025-11-20-at-12.55.56.jpeg\"><img loading=\"lazy\" decoding=\"async\" width=\"1024\" height=\"768\" src=\"http:\/\/agkj.de\/wp-content\/uploads\/2025\/11\/WhatsApp-Image-2025-11-20-at-12.55.56-1024x768.jpeg\" alt=\"\" class=\"wp-image-961\" srcset=\"http:\/\/agkj.de\/wp-content\/uploads\/2025\/11\/WhatsApp-Image-2025-11-20-at-12.55.56-1024x768.jpeg 1024w, http:\/\/agkj.de\/wp-content\/uploads\/2025\/11\/WhatsApp-Image-2025-11-20-at-12.55.56-300x225.jpeg 300w, http:\/\/agkj.de\/wp-content\/uploads\/2025\/11\/WhatsApp-Image-2025-11-20-at-12.55.56-768x576.jpeg 768w, http:\/\/agkj.de\/wp-content\/uploads\/2025\/11\/WhatsApp-Image-2025-11-20-at-12.55.56-1536x1152.jpeg 1536w, http:\/\/agkj.de\/wp-content\/uploads\/2025\/11\/WhatsApp-Image-2025-11-20-at-12.55.56-400x300.jpeg 400w, http:\/\/agkj.de\/wp-content\/uploads\/2025\/11\/WhatsApp-Image-2025-11-20-at-12.55.56.jpeg 1824w\" sizes=\"auto, (max-width: 1024px) 100vw, 1024px\" \/><\/a><\/figure>\n\n\n\n<p><strong>30. Oktober \u2013 Paris Games Week &amp; Digitale Begegnungen<\/strong><\/p>\n\n\n\n<div class=\"wp-block-group is-nowrap is-layout-flex wp-container-core-group-is-layout-ad2f72ca wp-block-group-is-layout-flex\">\n<p>Am dritten Tag war das Herzst\u00fcck des Projekts: Die Teilnehmenden besuchten die <strong>Paris Games Week<\/strong>, eine wichtige Messe rund um Videospiele, VR (Virtual Reality), KI (K\u00fcnstliche Intelligenz) und digitale Innovationen. Dort tauschten sie sich intensiv mit einer Mitarbeiterin von <strong><a href=\"https:\/\/e-enfance.org\/\">e-Enfance<\/a><\/strong> aus \u2013 einer Organisation, die sich mit dem Schutz junger Menschen im digitalen Raum besch\u00e4ftigt (gerade ein spannendes Thema f\u00fcr DLJM).<\/p>\n<\/div>\n\n\n\n<figure class=\"wp-block-gallery has-nested-images columns-default is-cropped wp-block-gallery-4 is-layout-flex wp-block-gallery-is-layout-flex\">\n<figure class=\"wp-block-image size-large\"><a href=\"http:\/\/agkj.de\/wp-content\/uploads\/2025\/11\/WhatsApp-Image-2025-11-20-at-12.46.38-1.jpeg\"><img loading=\"lazy\" decoding=\"async\" width=\"576\" height=\"1024\" data-id=\"989\" src=\"http:\/\/agkj.de\/wp-content\/uploads\/2025\/11\/WhatsApp-Image-2025-11-20-at-12.46.38-1-576x1024.jpeg\" alt=\"\" class=\"wp-image-989\" srcset=\"http:\/\/agkj.de\/wp-content\/uploads\/2025\/11\/WhatsApp-Image-2025-11-20-at-12.46.38-1-576x1024.jpeg 576w, http:\/\/agkj.de\/wp-content\/uploads\/2025\/11\/WhatsApp-Image-2025-11-20-at-12.46.38-1-169x300.jpeg 169w, http:\/\/agkj.de\/wp-content\/uploads\/2025\/11\/WhatsApp-Image-2025-11-20-at-12.46.38-1-768x1365.jpeg 768w, http:\/\/agkj.de\/wp-content\/uploads\/2025\/11\/WhatsApp-Image-2025-11-20-at-12.46.38-1-864x1536.jpeg 864w, http:\/\/agkj.de\/wp-content\/uploads\/2025\/11\/WhatsApp-Image-2025-11-20-at-12.46.38-1-400x711.jpeg 400w, http:\/\/agkj.de\/wp-content\/uploads\/2025\/11\/WhatsApp-Image-2025-11-20-at-12.46.38-1.jpeg 900w\" sizes=\"auto, (max-width: 576px) 100vw, 576px\" \/><\/a><\/figure>\n\n\n\n<figure class=\"wp-block-image size-large\"><a href=\"http:\/\/agkj.de\/wp-content\/uploads\/2025\/11\/WhatsApp-Image-2025-10-30-at-10.32.56-1.jpeg\"><img loading=\"lazy\" decoding=\"async\" width=\"768\" height=\"1024\" data-id=\"990\" src=\"http:\/\/agkj.de\/wp-content\/uploads\/2025\/11\/WhatsApp-Image-2025-10-30-at-10.32.56-1-768x1024.jpeg\" alt=\"\" class=\"wp-image-990\" srcset=\"http:\/\/agkj.de\/wp-content\/uploads\/2025\/11\/WhatsApp-Image-2025-10-30-at-10.32.56-1-768x1024.jpeg 768w, http:\/\/agkj.de\/wp-content\/uploads\/2025\/11\/WhatsApp-Image-2025-10-30-at-10.32.56-1-225x300.jpeg 225w, http:\/\/agkj.de\/wp-content\/uploads\/2025\/11\/WhatsApp-Image-2025-10-30-at-10.32.56-1-1152x1536.jpeg 1152w, http:\/\/agkj.de\/wp-content\/uploads\/2025\/11\/WhatsApp-Image-2025-10-30-at-10.32.56-1-400x533.jpeg 400w, http:\/\/agkj.de\/wp-content\/uploads\/2025\/11\/WhatsApp-Image-2025-10-30-at-10.32.56-1.jpeg 1512w\" sizes=\"auto, (max-width: 768px) 100vw, 768px\" \/><\/a><\/figure>\n\n\n\n<figure class=\"wp-block-image size-large is-resized\"><a href=\"http:\/\/agkj.de\/wp-content\/uploads\/2025\/11\/WhatsApp-Image-2025-11-20-at-12.46.37-3.jpeg\"><img loading=\"lazy\" decoding=\"async\" width=\"768\" height=\"1024\" data-id=\"988\" src=\"http:\/\/agkj.de\/wp-content\/uploads\/2025\/11\/WhatsApp-Image-2025-11-20-at-12.46.37-3-768x1024.jpeg\" alt=\"\" class=\"wp-image-988\" style=\"width:290px;height:auto\" srcset=\"http:\/\/agkj.de\/wp-content\/uploads\/2025\/11\/WhatsApp-Image-2025-11-20-at-12.46.37-3-768x1024.jpeg 768w, http:\/\/agkj.de\/wp-content\/uploads\/2025\/11\/WhatsApp-Image-2025-11-20-at-12.46.37-3-225x300.jpeg 225w, http:\/\/agkj.de\/wp-content\/uploads\/2025\/11\/WhatsApp-Image-2025-11-20-at-12.46.37-3-1152x1536.jpeg 1152w, http:\/\/agkj.de\/wp-content\/uploads\/2025\/11\/WhatsApp-Image-2025-11-20-at-12.46.37-3-400x533.jpeg 400w, http:\/\/agkj.de\/wp-content\/uploads\/2025\/11\/WhatsApp-Image-2025-11-20-at-12.46.37-3.jpeg 1200w\" sizes=\"auto, (max-width: 768px) 100vw, 768px\" \/><\/a><\/figure>\n<\/figure>\n\n\n\n<p>Zwischen den Messehallen schlenderte die Gruppe \u00fcber die St\u00e4nde, erkundete neueste Entwicklungen im Bereich VR und KI, und diskutierte dar\u00fcber, wie diese Technologien das Leben junger Menschen bereichern und gleichzeitig neue ethische oder soziale Fragen aufwerfen.<\/p>\n\n\n\n<figure class=\"wp-block-image size-large\"><a href=\"http:\/\/agkj.de\/wp-content\/uploads\/2025\/11\/WhatsApp-Image-2025-10-30-at-09.44.46.jpeg\"><img loading=\"lazy\" decoding=\"async\" width=\"1024\" height=\"768\" src=\"http:\/\/agkj.de\/wp-content\/uploads\/2025\/11\/WhatsApp-Image-2025-10-30-at-09.44.46-1024x768.jpeg\" alt=\"\" class=\"wp-image-953\" srcset=\"http:\/\/agkj.de\/wp-content\/uploads\/2025\/11\/WhatsApp-Image-2025-10-30-at-09.44.46-1024x768.jpeg 1024w, http:\/\/agkj.de\/wp-content\/uploads\/2025\/11\/WhatsApp-Image-2025-10-30-at-09.44.46-300x225.jpeg 300w, http:\/\/agkj.de\/wp-content\/uploads\/2025\/11\/WhatsApp-Image-2025-10-30-at-09.44.46-768x576.jpeg 768w, http:\/\/agkj.de\/wp-content\/uploads\/2025\/11\/WhatsApp-Image-2025-10-30-at-09.44.46-1536x1152.jpeg 1536w, http:\/\/agkj.de\/wp-content\/uploads\/2025\/11\/WhatsApp-Image-2025-10-30-at-09.44.46-400x300.jpeg 400w, http:\/\/agkj.de\/wp-content\/uploads\/2025\/11\/WhatsApp-Image-2025-10-30-at-09.44.46.jpeg 1824w\" sizes=\"auto, (max-width: 1024px) 100vw, 1024px\" \/><\/a><\/figure>\n\n\n\n<p>Am Abend ging es zur\u00fcck nach Port de Versailles, wo ein Besuch in einer nahegelegenen <strong>Rugby-Burger-Bar<\/strong> auf dem Programm stand \u2013 eine ungezwungene Atmosph\u00e4re, in der auf Englisch, Franz\u00f6sisch und vielleicht auch ein bisschen Deutsch \ud83d\ude09 pers\u00f6nliche Geschichten geteilt und Ideen f\u00fcr das Projekt weitergedacht wurden.<\/p>\n\n\n\n<figure class=\"wp-block-image size-large\"><a href=\"http:\/\/agkj.de\/wp-content\/uploads\/2025\/11\/WhatsApp-Image-2025-10-30-at-21.06.00.jpeg\"><img loading=\"lazy\" decoding=\"async\" width=\"1024\" height=\"768\" src=\"http:\/\/agkj.de\/wp-content\/uploads\/2025\/11\/WhatsApp-Image-2025-10-30-at-21.06.00-1024x768.jpeg\" alt=\"\" class=\"wp-image-954\" srcset=\"http:\/\/agkj.de\/wp-content\/uploads\/2025\/11\/WhatsApp-Image-2025-10-30-at-21.06.00-1024x768.jpeg 1024w, http:\/\/agkj.de\/wp-content\/uploads\/2025\/11\/WhatsApp-Image-2025-10-30-at-21.06.00-300x225.jpeg 300w, http:\/\/agkj.de\/wp-content\/uploads\/2025\/11\/WhatsApp-Image-2025-10-30-at-21.06.00-768x576.jpeg 768w, http:\/\/agkj.de\/wp-content\/uploads\/2025\/11\/WhatsApp-Image-2025-10-30-at-21.06.00-1536x1152.jpeg 1536w, http:\/\/agkj.de\/wp-content\/uploads\/2025\/11\/WhatsApp-Image-2025-10-30-at-21.06.00-400x300.jpeg 400w, http:\/\/agkj.de\/wp-content\/uploads\/2025\/11\/WhatsApp-Image-2025-10-30-at-21.06.00.jpeg 1600w\" sizes=\"auto, (max-width: 1024px) 100vw, 1024px\" \/><\/a><\/figure>\n\n\n\n<p><strong>31. Oktober \u2013 Abschied, Shopping &amp; Zug nach Hause<\/strong><\/p>\n\n\n\n<p>Der letzte Tag begann mit einem gem\u00fctlichen Stadtbummel: Die Gruppe fuhr zur Metrostation <strong>Les Halles<\/strong>, einem belebten Viertel mit vielen Gesch\u00e4ften, Caf\u00e9s und einem stark urban gepr\u00e4gten Fluss der Menschen. Hier blieb Zeit zum Shoppen, St\u00f6bern und informellen Austausch.<\/p>\n\n\n\n<p>Zum Mittagessen steuerte die Gruppe ein ganz besonderes Lokal an: <strong><a href=\"https:\/\/www.la-taverne-de-l-arbre-sec.fr\/\">La Taverne de l\u2019Arbre Sec<\/a><\/strong>, ein traditionelles Restaurant in einem \u00fcber 600 Jahre alten Geb\u00e4ude. Die Atmosph\u00e4re war historisch dicht, mit alten Holzbalken, verwinkelten R\u00e4umen und dem Charme eines Ortes, der schon viele Generationen gesehen hat.<\/p>\n\n\n\n<p>Am Abend sollte die Heimreise beginnen \u2013 eigentlich mit dem deutschen ICE um <strong>19:07 Uhr<\/strong>. Doch aufgrund einer <strong>\u00fcber einst\u00fcndigen Versp\u00e4tung<\/strong> des Zuges drohte die R\u00fcckfahrt ins Wasser zu fallen. Dank des Engagements und der Hilfsbereitschaft der franz\u00f6sischen Bahnhofsmitarbeiter wurden die Teilnehmer in einen <strong>TGV umgebucht<\/strong>, der um <strong>20:25 Uhr<\/strong> abfuhr. Der TGV brachte die Gruppe p\u00fcnktlich nach <strong>Villingen (Schwarzwald)<\/strong>, sodass die R\u00fcckreise trotz aller Widrigkeiten doch noch zufriedenstellend abgeschlossen werden konnte.<\/p>\n\n\n\n<p><strong>Reflexion &amp; Bedeutung des Projekts<\/strong><\/p>\n\n\n\n<p>Das Projekt DLJM 2025 in Paris war nicht nur eine Reise, sondern eine <strong>Schnittstelle zwischen digitaler Innovation und kulturellem Erbe<\/strong>. Die Teilnehmenden erlebten hautnah, wie Technologie \u2013 in Form von VR, KI und Gaming \u2013 in gesellschaftliche Projekte integriert wird, insbesondere im Schutz junger Menschen (z. B. durch e-Enfance). Gleichzeitig bot der Besuch historischer Wahrzeichen wie Versailles, der Louvre oder Notre-Dame einen eindrucksvollen Kontrast: Tradition und Fortschritt, Geschichte und Innovation gingen Hand in Hand. Auch die neue <a href=\"https:\/\/mpfs.de\/studie\/jim-studie-2025\/\">JIM Studie<\/a> best\u00e4tigt die Notwendigkeit solcher Aktivit\u00e4ten, die Jugendlichen waren zwar alle &#8222;digital&#8220; mit ihrem Smartphone unterwegs, konnten dies aber mit den P\u00e4dagogen reflektieren und diese Fahrt hautnah in &#8222;real&#8220; erleben und genie\u00dfen.<\/p>\n\n\n\n<p>Diese vier Tage boten sowohl Raum f\u00fcr inhaltliche Arbeit als auch f\u00fcr informelle Begegnungen \u2013 eine starke Basis, um das DLJM-Projekt weiterzuentwickeln und die Zusammenarbeit zwischen den verschiedenen Akteuren zu st\u00e4rken.<br>Und nat\u00fcrlich muss man zum Schluss noch die Boulangerie um die Ecke erw\u00e4hnen, die unsere Gruppe bestens versorgt hat.<\/p>\n\n\n\n<figure class=\"wp-block-image size-large\"><a href=\"http:\/\/agkj.de\/wp-content\/uploads\/2025\/11\/WhatsApp-Image-2025-11-20-at-13.13.58.jpeg\"><img loading=\"lazy\" decoding=\"async\" width=\"1024\" height=\"768\" src=\"http:\/\/agkj.de\/wp-content\/uploads\/2025\/11\/WhatsApp-Image-2025-11-20-at-13.13.58-1024x768.jpeg\" alt=\"\" class=\"wp-image-972\" srcset=\"http:\/\/agkj.de\/wp-content\/uploads\/2025\/11\/WhatsApp-Image-2025-11-20-at-13.13.58-1024x768.jpeg 1024w, http:\/\/agkj.de\/wp-content\/uploads\/2025\/11\/WhatsApp-Image-2025-11-20-at-13.13.58-300x225.jpeg 300w, http:\/\/agkj.de\/wp-content\/uploads\/2025\/11\/WhatsApp-Image-2025-11-20-at-13.13.58-768x576.jpeg 768w, http:\/\/agkj.de\/wp-content\/uploads\/2025\/11\/WhatsApp-Image-2025-11-20-at-13.13.58-1536x1152.jpeg 1536w, http:\/\/agkj.de\/wp-content\/uploads\/2025\/11\/WhatsApp-Image-2025-11-20-at-13.13.58-400x300.jpeg 400w, http:\/\/agkj.de\/wp-content\/uploads\/2025\/11\/WhatsApp-Image-2025-11-20-at-13.13.58.jpeg 1824w\" sizes=\"auto, (max-width: 1024px) 100vw, 1024px\" \/><\/a><\/figure>\n","protected":false},"excerpt":{"rendered":"<p>Digitale Lebenswelten junger Menschen Projekt: Digitale Lebenswelten in der Kulturmetropole ParisBildungsreise f\u00fcr Jugendliche ab 14 Jahren\ud83d\udccd Paris | \ud83d\udcc5 28.10.25 \u2013 31.10.25 | \ud83d\udcb6 Kosten: 200 \u20ac (inkl. 100 \u20ac [&hellip;]<\/p>\n","protected":false},"author":2,"featured_media":0,"parent":0,"menu_order":0,"comment_status":"closed","ping_status":"closed","template":"","meta":{"footnotes":""},"class_list":["post-907","page","type-page","status-publish","hentry"],"_links":{"self":[{"href":"http:\/\/agkj.de\/index.php?rest_route=\/wp\/v2\/pages\/907","targetHints":{"allow":["GET"]}}],"collection":[{"href":"http:\/\/agkj.de\/index.php?rest_route=\/wp\/v2\/pages"}],"about":[{"href":"http:\/\/agkj.de\/index.php?rest_route=\/wp\/v2\/types\/page"}],"author":[{"embeddable":true,"href":"http:\/\/agkj.de\/index.php?rest_route=\/wp\/v2\/users\/2"}],"replies":[{"embeddable":true,"href":"http:\/\/agkj.de\/index.php?rest_route=%2Fwp%2Fv2%2Fcomments&post=907"}],"version-history":[{"count":15,"href":"http:\/\/agkj.de\/index.php?rest_route=\/wp\/v2\/pages\/907\/revisions"}],"predecessor-version":[{"id":998,"href":"http:\/\/agkj.de\/index.php?rest_route=\/wp\/v2\/pages\/907\/revisions\/998"}],"wp:attachment":[{"href":"http:\/\/agkj.de\/index.php?rest_route=%2Fwp%2Fv2%2Fmedia&parent=907"}],"curies":[{"name":"wp","href":"https:\/\/api.w.org\/{rel}","templated":true}]}}